{"id":10,"date":"2016-07-06T21:25:11","date_gmt":"2016-07-06T21:25:11","guid":{"rendered":"http:\/\/manuelalcarazclemente.com\/?page_id=10"},"modified":"2026-02-15T15:09:45","modified_gmt":"2026-02-15T15:09:45","slug":"bio","status":"publish","type":"page","link":"https:\/\/manuelalcarazclemente.com\/de\/bio\/","title":{"rendered":"Bio"},"content":{"rendered":"<p><\/p>\n<div><\/div>\n<div>\n<p><strong>Manuel Alcaraz Clemente \u2013 Perkussionist<\/strong><\/p>\n<p>Manuel Alcaraz Clemente ist ein Perkussionist, der f\u00fcr seine markante Ausdruckskraft und seine Begeisterung f\u00fcr zeitgen\u00f6ssische Musik bekannt ist. In seinen Solo-, Kammer- und Ensembleauftritten arbeitet er eng mit Komponist*innen zusammen, um neue Werke zu schaffen und zur Auff\u00fchrung zu bringen.<\/p>\n<p>Als Solist*in arbeitet Manuel regelm\u00e4\u00dfig mit Komponist*innen verschiedener Generationen, um neue St\u00fccke zu entwickeln, die das Spektrum der Perkussion erweitern. Er hat Solo-Projekte wie <a href=\"https:\/\/www.youtube.com\/watch?v=DgIf4lKu8tQ&amp;t=1959s\" target=\"_blank\" rel=\"noopener\"><em>An elemental thing<\/em> <\/a>und <a href=\"https:\/\/www.youtube.com\/watch?v=UFqQ0XjXyiU\" target=\"_blank\" rel=\"noopener\"><em>ON:DRUMS<\/em><\/a> ins Leben gerufen, bei denen er neue Klangwelten und Rhythmen erforscht, die das Publikum auf besondere Weise ansprechen.<\/p>\n<p>Seit 2016 ist er Mitglied des <a href=\"https:\/\/www.schallfeldensemble.com\/de\/\" target=\"_blank\" rel=\"noopener\">Schallfeld Ensembles<\/a> in Graz und seit 2025 Teil des Ensembles <a href=\"https:\/\/www.phace.at\/\" target=\"_blank\" rel=\"noopener\">PHACE<\/a>. Zwischen 2023 und 2025 spielte er au\u00dferdem beim Wiener Ensemble Kontrapunkte. Neben seiner Arbeit in diesen Gruppen tritt er auch regelm\u00e4\u00dfig mit anderen renommierten Ensembles und Orchestern auf, darunter das Lucerne Festival Contemporary Orchestra und Klangforum Wien.<\/p>\n<p>Manuel hat bei verschiedenen internationalen Festivals gespielt, darunter das Lucerne Festival, die Salzburger Festspiele, das Warschauer Herbstfestival, Wien Modern, die Darmst\u00e4dter Ferienkurse, Klangspuren Schwaz, das Afekt Festival und das Huddersfield Contemporary Music Festival.<\/p>\n<p>Als P\u00e4dagoge gibt Manuel Meisterklassen f\u00fcr junge Komponist*innen und Schlagwerker*innen in \u00d6sterreich, Portugal, Spanien und Slowenien. Dabei teilt er seine Expertise und inspiriert die n\u00e4chste K\u00fcnstler*innen-Generation. Seit 2019 ist er au\u00dferdem Marimba One\u2122 Educational Artist.<\/p>\n<p><strong>Ausbildung:<\/strong><br \/>\nManuel hat einen Bachelor-Abschluss von der ESMuC in Barcelona, einen Master-Abschluss von der ESMAE in Porto und einen Master in Zeitgen\u00f6ssischer Musikdarstellung von der Kunstuniversit\u00e4t Graz.<\/p>\n<p>&nbsp;<\/p>\n<\/div>\n<hr \/>\n<p><strong>Gastspiele:<\/strong><\/p>\n<p>Lucerne Festival Contemporary Orchestra (Lucerne, CH)<\/p>\n<p>M\u00fcnchener Kammerorchester (Munich, DE)<\/p>\n<p>Klangforum Wien (Vienna, AT)<\/p>\n<p>Der Gelbe Klang (Munich, DE)<\/p>\n<p>Mdi Ensemble (Milano, IT)<\/p>\n<p>Ensemble Barcelona 216 (ES)<\/p>\n<p>Ensemble Kontrapunkte (Vienna, AT)<\/p>\n<p>Cantando Admont (AT)<\/p>\n<p>Drumming percussion group (Porto, PT)<\/p>\n<p>defunensemble (Helsinki, FI)<\/p>\n<p>Ensemble for New Music Tallinn (Tallin, EE)<\/p>\n<p>Recreation Grosses Orchester Graz (Graz, AT)<\/p>\n<p>NAMES, New Art and Music Ensemble Salzburg (AT)<\/p>\n<p>Stavanger Symphony Orchestra (NO)<\/p>\n<p>Synergein Projekt (Valencia, ES)<\/p>\n<p>Graz Philharmonic Orchestra (Graz, AT)<\/p>\n<p>Cadaques Orchester (ES)<\/p>\n<p>B\u00fcro Lunaire (Vienna, AT)<\/p>\n<p>Arxis Ensemble\/Percussion Group (A Coru\u00f1a, ES)<\/p>\n<p>Szene Instrumental Ensemble (Graz, AT)<\/p>\n<p>Ensemble Platypus (Vienna, AT)<\/p>\n<p>Ensemble Zeitfluss (Graz, AT)<\/p>\n<p>Ensemble Coincidence (Graz, AT)<\/p>\n<p>etc.<\/p>\n<hr \/>\n<p><strong>Festivals:<\/strong><\/p>\n<p>Lucerne Festival (CH)<\/p>\n<p>Salzburg Festival (AT)<\/p>\n<p>Wien Modern (AT)<\/p>\n<p>Warsaw Autumn (PL)<\/p>\n<p>Munich Biennale (DE)<\/p>\n<p>ENSEMS (SP)<\/p>\n<p>Festival Internacional de M\u00fasica de Canarias (SP)<\/p>\n<p>Huddersfield Contemporary Music Festival (EN)<\/p>\n<p>Styrian Autumn (AT)<\/p>\n<p>Aspekte Salzburg (AT)<\/p>\n<p>Internationale Ferienkurse f\u00fcr Neue Musik Darmstadt (DE)<\/p>\n<p>KLANG concert series, Musiikkitalo, Helsinki (FI)<\/p>\n<p>Musikverein Vienna Concert Series &#8211; Ensemble Kontrapunkte (AT)<\/p>\n<p>Konzerthaus Vienna Concert Series &#8211; PHACE and Klangforum Wien (AT)<\/p>\n<p>Klangspuren Schwaz (AT)<\/p>\n<p>Ljubljana New Music Forum (SLO)<\/p>\n<p>Afekt Festival (EE)<\/p>\n<p>Impuls Festival (AT)<\/p>\n<p>Festival Circular (PT)<\/p>\n<p>Taschenopernfestival Salzburg (AT)<\/p>\n<p>Musik Protokoll (AT)<\/p>\n<p>Giga Herz Preis (DE)<\/p>\n<p>Festival Roma Europa (IT)<\/p>\n<p>Festival Grec (ES)<\/p>\n<p>Quincena Donostiarra (ES)<\/p>\n<p>Festival Aperto Reggio Emilia (IT)<\/p>\n<p>Dias de Musica Eletr\u00f3nica (PT)<\/p>\n<p>In Takt Festival (AT)<\/p>\n<p>Resis Festival (A Coru\u00f1a, ES)<\/p>\n<p>Real Time Festival (DE)<\/p>\n<p>Osterfestival Tirol (AT)<\/p>\n<p>etc.<\/p>","protected":false},"excerpt":{"rendered":"<p>Manuel Alcaraz Clemente \u2013 Perkussionist Manuel Alcaraz Clemente ist ein Perkussionist, der f\u00fcr seine markante Ausdruckskraft und seine Begeisterung f\u00fcr zeitgen\u00f6ssische Musik bekannt ist. In seinen Solo-, Kammer- und Ensembleauftritten arbeitet er eng mit Komponist*innen zusammen, um neue Werke zu schaffen und zur Auff\u00fchrung zu bringen. Als Solist*in arbeitet Manuel&#8230;<\/p>\n","protected":false},"author":1,"featured_media":203,"parent":0,"menu_order":0,"comment_status":"closed","ping_status":"closed","template":"templates\/full-width-page.php","meta":{"jetpack_post_was_ever_published":false,"footnotes":""},"class_list":["post-10","page","type-page","status-publish","has-post-thumbnail","hentry"],"yoast_head":"<!-- This site is optimized with the Yoast SEO plugin v27.3 - https:\/\/yoast.com\/product\/yoast-seo-wordpress\/ -->\n<title>Bio - Manuel Alcaraz Clemente<\/title>\n<meta name=\"robots\" content=\"index, follow, max-snippet:-1, max-image-preview:large, max-video-preview:-1\" \/>\n<link rel=\"canonical\" href=\"https:\/\/manuelalcarazclemente.com\/bio\/\" \/>\n<meta property=\"og:locale\" content=\"de_DE\" \/>\n<meta property=\"og:type\" content=\"article\" \/>\n<meta property=\"og:title\" content=\"Bio - Manuel Alcaraz Clemente\" \/>\n<meta property=\"og:description\" content=\"Manuel Alcaraz Clemente \u2013 Perkussionist Manuel Alcaraz Clemente ist ein Perkussionist, der f\u00fcr seine markante Ausdruckskraft und seine Begeisterung f\u00fcr zeitgen\u00f6ssische Musik bekannt ist. In seinen Solo-, Kammer- und Ensembleauftritten arbeitet er eng mit Komponist*innen zusammen, um neue Werke zu schaffen und zur Auff\u00fchrung zu bringen. Als Solist*in arbeitet Manuel...\" \/>\n<meta property=\"og:url\" content=\"https:\/\/manuelalcarazclemente.com\/bio\/\" \/>\n<meta property=\"og:site_name\" content=\"Manuel Alcaraz Clemente\" \/>\n<meta property=\"article:modified_time\" content=\"2026-02-15T15:09:45+00:00\" \/>\n<meta property=\"og:image\" content=\"https:\/\/manuelalcarazclemente.com\/wp-content\/uploads\/2016\/07\/manublanconegrocolor.jpg\" \/>\n\t<meta property=\"og:image:width\" content=\"454\" \/>\n\t<meta property=\"og:image:height\" content=\"640\" \/>\n\t<meta property=\"og:image:type\" content=\"image\/jpeg\" \/>\n<meta name=\"twitter:card\" content=\"summary_large_image\" \/>\n<meta name=\"twitter:label1\" content=\"Gesch\u00e4tzte Lesezeit\" \/>\n\t<meta name=\"twitter:data1\" content=\"3\u00a0Minuten\" \/>\n<script type=\"application\/ld+json\" class=\"yoast-schema-graph\">{\"@context\":\"https:\\\/\\\/schema.org\",\"@graph\":[{\"@type\":\"WebPage\",\"@id\":\"https:\\\/\\\/manuelalcarazclemente.com\\\/bio\\\/\",\"url\":\"https:\\\/\\\/manuelalcarazclemente.com\\\/bio\\\/\",\"name\":\"Bio - Manuel Alcaraz Clemente\",\"isPartOf\":{\"@id\":\"https:\\\/\\\/manuelalcarazclemente.com\\\/#website\"},\"primaryImageOfPage\":{\"@id\":\"https:\\\/\\\/manuelalcarazclemente.com\\\/bio\\\/#primaryimage\"},\"image\":{\"@id\":\"https:\\\/\\\/manuelalcarazclemente.com\\\/bio\\\/#primaryimage\"},\"thumbnailUrl\":\"https:\\\/\\\/manuelalcarazclemente.com\\\/wp-content\\\/uploads\\\/2016\\\/07\\\/manublanconegrocolor.jpg\",\"datePublished\":\"2016-07-06T21:25:11+00:00\",\"dateModified\":\"2026-02-15T15:09:45+00:00\",\"breadcrumb\":{\"@id\":\"https:\\\/\\\/manuelalcarazclemente.com\\\/bio\\\/#breadcrumb\"},\"inLanguage\":\"de\",\"potentialAction\":[{\"@type\":\"ReadAction\",\"target\":[\"https:\\\/\\\/manuelalcarazclemente.com\\\/bio\\\/\"]}]},{\"@type\":\"ImageObject\",\"inLanguage\":\"de\",\"@id\":\"https:\\\/\\\/manuelalcarazclemente.com\\\/bio\\\/#primaryimage\",\"url\":\"https:\\\/\\\/manuelalcarazclemente.com\\\/wp-content\\\/uploads\\\/2016\\\/07\\\/manublanconegrocolor.jpg\",\"contentUrl\":\"https:\\\/\\\/manuelalcarazclemente.com\\\/wp-content\\\/uploads\\\/2016\\\/07\\\/manublanconegrocolor.jpg\",\"width\":454,\"height\":640,\"caption\":\"Concert in Le\u00f3n (Spain) \u00a9 Juan Luis Garc\u00eda\"},{\"@type\":\"BreadcrumbList\",\"@id\":\"https:\\\/\\\/manuelalcarazclemente.com\\\/bio\\\/#breadcrumb\",\"itemListElement\":[{\"@type\":\"ListItem\",\"position\":1,\"name\":\"Home\",\"item\":\"https:\\\/\\\/manuelalcarazclemente.com\\\/\"},{\"@type\":\"ListItem\",\"position\":2,\"name\":\"About\"}]},{\"@type\":\"WebSite\",\"@id\":\"https:\\\/\\\/manuelalcarazclemente.com\\\/#website\",\"url\":\"https:\\\/\\\/manuelalcarazclemente.com\\\/\",\"name\":\"Manuel Alcaraz Clemente\",\"description\":\"PERCUSSION - DRUMS - CONTEMPORARY MUSIC\",\"potentialAction\":[{\"@type\":\"SearchAction\",\"target\":{\"@type\":\"EntryPoint\",\"urlTemplate\":\"https:\\\/\\\/manuelalcarazclemente.com\\\/?s={search_term_string}\"},\"query-input\":{\"@type\":\"PropertyValueSpecification\",\"valueRequired\":true,\"valueName\":\"search_term_string\"}}],\"inLanguage\":\"de\"}]}<\/script>\n<!-- \/ Yoast SEO plugin. -->","yoast_head_json":{"title":"Bio - Manuel Alcaraz Clemente","robots":{"index":"index","follow":"follow","max-snippet":"max-snippet:-1","max-image-preview":"max-image-preview:large","max-video-preview":"max-video-preview:-1"},"canonical":"https:\/\/manuelalcarazclemente.com\/bio\/","og_locale":"de_DE","og_type":"article","og_title":"Bio - Manuel Alcaraz Clemente","og_description":"Manuel Alcaraz Clemente \u2013 Perkussionist Manuel Alcaraz Clemente ist ein Perkussionist, der f\u00fcr seine markante Ausdruckskraft und seine Begeisterung f\u00fcr zeitgen\u00f6ssische Musik bekannt ist. In seinen Solo-, Kammer- und Ensembleauftritten arbeitet er eng mit Komponist*innen zusammen, um neue Werke zu schaffen und zur Auff\u00fchrung zu bringen. Als Solist*in arbeitet Manuel...","og_url":"https:\/\/manuelalcarazclemente.com\/bio\/","og_site_name":"Manuel Alcaraz Clemente","article_modified_time":"2026-02-15T15:09:45+00:00","og_image":[{"width":454,"height":640,"url":"https:\/\/manuelalcarazclemente.com\/wp-content\/uploads\/2016\/07\/manublanconegrocolor.jpg","type":"image\/jpeg"}],"twitter_card":"summary_large_image","twitter_misc":{"Gesch\u00e4tzte Lesezeit":"3\u00a0Minuten"},"schema":{"@context":"https:\/\/schema.org","@graph":[{"@type":"WebPage","@id":"https:\/\/manuelalcarazclemente.com\/bio\/","url":"https:\/\/manuelalcarazclemente.com\/bio\/","name":"Bio - Manuel Alcaraz Clemente","isPartOf":{"@id":"https:\/\/manuelalcarazclemente.com\/#website"},"primaryImageOfPage":{"@id":"https:\/\/manuelalcarazclemente.com\/bio\/#primaryimage"},"image":{"@id":"https:\/\/manuelalcarazclemente.com\/bio\/#primaryimage"},"thumbnailUrl":"https:\/\/manuelalcarazclemente.com\/wp-content\/uploads\/2016\/07\/manublanconegrocolor.jpg","datePublished":"2016-07-06T21:25:11+00:00","dateModified":"2026-02-15T15:09:45+00:00","breadcrumb":{"@id":"https:\/\/manuelalcarazclemente.com\/bio\/#breadcrumb"},"inLanguage":"de","potentialAction":[{"@type":"ReadAction","target":["https:\/\/manuelalcarazclemente.com\/bio\/"]}]},{"@type":"ImageObject","inLanguage":"de","@id":"https:\/\/manuelalcarazclemente.com\/bio\/#primaryimage","url":"https:\/\/manuelalcarazclemente.com\/wp-content\/uploads\/2016\/07\/manublanconegrocolor.jpg","contentUrl":"https:\/\/manuelalcarazclemente.com\/wp-content\/uploads\/2016\/07\/manublanconegrocolor.jpg","width":454,"height":640,"caption":"Concert in Le\u00f3n (Spain) \u00a9 Juan Luis Garc\u00eda"},{"@type":"BreadcrumbList","@id":"https:\/\/manuelalcarazclemente.com\/bio\/#breadcrumb","itemListElement":[{"@type":"ListItem","position":1,"name":"Home","item":"https:\/\/manuelalcarazclemente.com\/"},{"@type":"ListItem","position":2,"name":"About"}]},{"@type":"WebSite","@id":"https:\/\/manuelalcarazclemente.com\/#website","url":"https:\/\/manuelalcarazclemente.com\/","name":"Manuel Alcaraz Clemente","description":"PERCUSSION - DRUMS - CONTEMPORARY MUSIC","potentialAction":[{"@type":"SearchAction","target":{"@type":"EntryPoint","urlTemplate":"https:\/\/manuelalcarazclemente.com\/?s={search_term_string}"},"query-input":{"@type":"PropertyValueSpecification","valueRequired":true,"valueName":"search_term_string"}}],"inLanguage":"de"}]}},"jetpack_sharing_enabled":true,"jetpack_shortlink":"https:\/\/wp.me\/P7S1RT-a","_links":{"self":[{"href":"https:\/\/manuelalcarazclemente.com\/de\/wp-json\/wp\/v2\/pages\/10","targetHints":{"allow":["GET"]}}],"collection":[{"href":"https:\/\/manuelalcarazclemente.com\/de\/wp-json\/wp\/v2\/pages"}],"about":[{"href":"https:\/\/manuelalcarazclemente.com\/de\/wp-json\/wp\/v2\/types\/page"}],"author":[{"embeddable":true,"href":"https:\/\/manuelalcarazclemente.com\/de\/wp-json\/wp\/v2\/users\/1"}],"replies":[{"embeddable":true,"href":"https:\/\/manuelalcarazclemente.com\/de\/wp-json\/wp\/v2\/comments?post=10"}],"version-history":[{"count":64,"href":"https:\/\/manuelalcarazclemente.com\/de\/wp-json\/wp\/v2\/pages\/10\/revisions"}],"predecessor-version":[{"id":2355,"href":"https:\/\/manuelalcarazclemente.com\/de\/wp-json\/wp\/v2\/pages\/10\/revisions\/2355"}],"wp:featuredmedia":[{"embeddable":true,"href":"https:\/\/manuelalcarazclemente.com\/de\/wp-json\/wp\/v2\/media\/203"}],"wp:attachment":[{"href":"https:\/\/manuelalcarazclemente.com\/de\/wp-json\/wp\/v2\/media?parent=10"}],"curies":[{"name":"wp","href":"https:\/\/api.w.org\/{rel}","templated":true}]}}